{"id":52,"date":"2021-10-15T02:21:32","date_gmt":"2021-10-15T00:21:32","guid":{"rendered":"https:\/\/ra-knepp.de\/ro\/?page_id=52"},"modified":"2021-10-15T15:19:46","modified_gmt":"2021-10-15T13:19:46","slug":"avocatul","status":"publish","type":"page","link":"https:\/\/ra-knepp.de\/ro\/avocatul\/","title":{"rendered":"Avocatul"},"content":{"rendered":"\t\t<div data-elementor-type=\"wp-page\" data-elementor-id=\"52\" class=\"elementor elementor-52\">\n\t\t\t\t\t\t<section class=\"elementor-section elementor-top-section elementor-element elementor-element-949e60f elementor-section-boxed elementor-section-height-default elementor-section-height-default\" data-id=\"949e60f\" data-element_type=\"section\" data-e-type=\"section\">\n\t\t\t\t\t\t<div class=\"elementor-container elementor-column-gap-default\">\n\t\t\t\t\t<div class=\"elementor-column elementor-col-33 elementor-top-column elementor-element elementor-element-0ff0b0c\" data-id=\"0ff0b0c\" data-element_type=\"column\" data-e-type=\"column\">\n\t\t\t<div class=\"elementor-widget-wrap elementor-element-populated\">\n\t\t\t\t\t\t<div class=\"elementor-element elementor-element-2dab05a elementor-widget elementor-widget-image\" data-id=\"2dab05a\" data-element_type=\"widget\" data-e-type=\"widget\" data-widget_type=\"image.default\">\n\t\t\t\t<div class=\"elementor-widget-container\">\n\t\t\t\t\t\t\t\t\t\t\t\t\t\t\t<img fetchpriority=\"high\" decoding=\"async\" width=\"225\" height=\"340\" src=\"https:\/\/ra-knepp.de\/ro\/wp-content\/uploads\/sites\/2\/2021\/10\/portraitfoto_claudiu_knepp.jpg\" class=\"attachment-large size-large wp-image-21\" alt=\"Avocat roman Germania - drept penal \u0219i civil\" srcset=\"https:\/\/ra-knepp.de\/ro\/wp-content\/uploads\/sites\/2\/2021\/10\/portraitfoto_claudiu_knepp.jpg 225w, https:\/\/ra-knepp.de\/ro\/wp-content\/uploads\/sites\/2\/2021\/10\/portraitfoto_claudiu_knepp-199x300.jpg 199w\" sizes=\"(max-width: 225px) 100vw, 225px\" \/>\t\t\t\t\t\t\t\t\t\t\t\t\t\t\t<\/div>\n\t\t\t\t<\/div>\n\t\t\t\t\t<\/div>\n\t\t<\/div>\n\t\t\t\t<div class=\"elementor-column elementor-col-66 elementor-top-column elementor-element elementor-element-d17d169\" data-id=\"d17d169\" data-element_type=\"column\" data-e-type=\"column\">\n\t\t\t<div class=\"elementor-widget-wrap elementor-element-populated\">\n\t\t\t\t\t\t<div class=\"elementor-element elementor-element-2945b3e elementor-widget elementor-widget-text-editor\" data-id=\"2945b3e\" data-element_type=\"widget\" data-e-type=\"widget\" data-widget_type=\"text-editor.default\">\n\t\t\t\t<div class=\"elementor-widget-container\">\n\t\t\t\t\t\t\t\t\t<p><span style=\"font-size: 14pt;\">Avocatul Claudiu M. Knepp din K\u00f6ln, Germania este n\u01cescut \u00een Romania \u0219i s-a stabilit \u00een anul 1992 \u00een Germania. El a absolvat studiul de \u0219tiin\u021be juridice la universitatea din K\u00f6ln.<\/span><br \/><br \/><span style=\"font-size: 14pt;\">\u020an decursul referendariatului el a fost printre altele activ la procuratura din K\u00f6ln \u0219i \u020bn cabinetul de avocatur\u01ce al Consulului Onorific German din Texas \/ SUA.<\/span><br \/><br \/><span style=\"font-size: 14pt;\">Din martie 2014 el este activ ca avocat vorbitor de limba Rom\u00e2na \u00een K\u00f6ln \u0219i \u00een \u00eentreaga Germania. Prioritar el prelucreaz\u01ce mandate de drept penal, de exemplu ap\u01cerarea \u00een delicte de proprietate (furt, jaf, \u00een\u0219el\u01ceciune), de droguri, de procese penale de tineret, procese penale de trafic rutier, delicte de v\u01cet\u01cemare corporal\u01ce \u0219i procese komplexe penal-economice.<\/span><br \/><br \/><span style=\"font-size: 14pt;\">Domnul Avocat Claudiu M. Knepp vorbe\u0219te pe l\u00e2nga limba Rom\u00e2n\u01ce limbile German\u01ce si Englez\u01ce.<\/span><br \/><br \/><span style=\"font-size: 14pt;\">Membru al organiza\u021biilor profesionale:<\/span><\/p><ul style=\"list-style-type: square;\"><li><span style=\"font-size: 14pt;\">Asocia\u021bia Avoca\u021bilor K\u00f6ln<\/span><\/li><li><span style=\"font-size: 14pt;\">Asocia\u021bia Avoca\u021bilor Germania<\/span><\/li><\/ul>\t\t\t\t\t\t\t\t<\/div>\n\t\t\t\t<\/div>\n\t\t\t\t\t<\/div>\n\t\t<\/div>\n\t\t\t\t\t<\/div>\n\t\t<\/section>\n\t\t\t\t<\/div>\n\t\t","protected":false},"excerpt":{"rendered":"<p>Avocatul Claudiu M. Knepp din K\u00f6ln, Germania este n\u01cescut \u00een Romania \u0219i s-a stabilit \u00een anul 1992 \u00een Germania. El a absolvat studiul de \u0219tiin\u021be juridice la universitatea din K\u00f6ln. [&hellip;]<\/p>\n","protected":false},"author":1,"featured_media":0,"parent":0,"menu_order":0,"comment_status":"closed","ping_status":"closed","template":"","meta":{"footnotes":""},"class_list":["post-52","page","type-page","status-publish","hentry","entry"],"_links":{"self":[{"href":"https:\/\/ra-knepp.de\/ro\/wp-json\/wp\/v2\/pages\/52","targetHints":{"allow":["GET"]}}],"collection":[{"href":"https:\/\/ra-knepp.de\/ro\/wp-json\/wp\/v2\/pages"}],"about":[{"href":"https:\/\/ra-knepp.de\/ro\/wp-json\/wp\/v2\/types\/page"}],"author":[{"embeddable":true,"href":"https:\/\/ra-knepp.de\/ro\/wp-json\/wp\/v2\/users\/1"}],"replies":[{"embeddable":true,"href":"https:\/\/ra-knepp.de\/ro\/wp-json\/wp\/v2\/comments?post=52"}],"version-history":[{"count":8,"href":"https:\/\/ra-knepp.de\/ro\/wp-json\/wp\/v2\/pages\/52\/revisions"}],"predecessor-version":[{"id":91,"href":"https:\/\/ra-knepp.de\/ro\/wp-json\/wp\/v2\/pages\/52\/revisions\/91"}],"wp:attachment":[{"href":"https:\/\/ra-knepp.de\/ro\/wp-json\/wp\/v2\/media?parent=52"}],"curies":[{"name":"wp","href":"https:\/\/api.w.org\/{rel}","templated":true}]}}